{"id":2186,"date":"2025-03-11T09:03:48","date_gmt":"2025-03-11T09:03:48","guid":{"rendered":"https:\/\/alternativamendrisio.ch\/index.php\/notizie-copy\/"},"modified":"2025-03-11T09:35:15","modified_gmt":"2025-03-11T09:35:15","slug":"newsletter","status":"publish","type":"page","link":"https:\/\/alternativamendrisio.ch\/index.php\/newsletter\/","title":{"rendered":"Newsletter"},"content":{"rendered":"<!--themify_builder_content-->\n<div id=\"themify_builder_content-2186\" data-postid=\"2186\" class=\"themify_builder_content themify_builder_content-2186 themify_builder tf_clear\">\n                    <div  data-css_id=\"6di6772\" data-lazy=\"1\" class=\"module_row themify_builder_row fullwidth tb_6di6772 tb_first tf_w\">\n                        <div class=\"row_inner col_align_top tb_col_count_1 tf_box tf_rel\">\n                        <div  data-lazy=\"1\" class=\"module_column tb-column col-full tb_rnov087 first\">\n                            <div  data-lazy=\"1\" class=\"module_subrow themify_builder_sub_row tf_w col_align_top tb_col_count_1 tb_8nx7776\">\n                <div  data-lazy=\"1\" class=\"module_column sub_column col-full tb_znfb102 first\">\n                    <!-- module image -->\n<div  class=\"module module-image tb_0m09200 image-full-overlay   tf_mw wow\" data-tf-animation=\"slideInLeft\" data-lazy=\"1\">\n        <div class=\"image-wrap tf_rel tf_mw\">\n            <img loading=\"lazy\" decoding=\"async\" width=\"533\" height=\"298\" src=\"https:\/\/alternativamendrisio.ch\/wp-content\/uploads\/2021\/01\/NOTIZIE.png\" class=\"wp-post-image wp-image-1439\" title=\"NOTIZIE\" alt=\"NOTIZIE\" srcset=\"https:\/\/alternativamendrisio.ch\/wp-content\/uploads\/2021\/01\/NOTIZIE.png 533w, https:\/\/alternativamendrisio.ch\/wp-content\/uploads\/2021\/01\/NOTIZIE-300x168.png 300w\" sizes=\"auto, (max-width: 533px) 100vw, 533px\" \/>    \n        <\/div>\n    <!-- \/image-wrap -->\n    \n        <\/div>\n<!-- \/module image -->        <\/div>\n                    <\/div>\n                <\/div>\n                        <\/div>\n        <\/div>\n                        <div  data-css_id=\"0zwx097\" data-lazy=\"1\" class=\"module_row themify_builder_row fullwidth tb_0zwx097 tf_w\">\n                        <div class=\"row_inner col_align_top tb_col_count_1 tf_box tf_rel\">\n                        <div  data-lazy=\"1\" class=\"module_column tb-column col-full tb_g0r0687 first\">\n                    <!-- module post -->\n<div  class=\"module module-post tb_qnvx702  tb_fullwidth_image\">\n<h3 class=\"module-title\">COMUNICATI STAMPA<\/h3>    <div  class=\"builder-posts-wrap loops-wrapper grid2 tf_clear tf_clearfix\" data-lazy=\"1\">\n    \n<article id=\"post-2678\" class=\"post tf_clearfix cat-7 cat-4 post-2678 type-post status-publish format-standard has-post-thumbnail hentry category-comunicati-stampa category-in-evidenza has-post-title has-post-date has-post-category has-post-tag has-post-comment has-post-author \">\n\t\n\t                <figure class=\"post-image tf_clearfix\">\n                                                            <a href=\"https:\/\/alternativamendrisio.ch\/index.php\/2026\/02\/16\/un-caso-di-dumping-estremamente-grave\/\">\n                                        <img loading=\"lazy\" decoding=\"async\" width=\"1980\" height=\"626\" src=\"https:\/\/alternativamendrisio.ch\/wp-content\/uploads\/2026\/02\/stop-dumping.jpg\" class=\"wp-post-image wp-image-2683\" title=\"stop-dumping\" alt=\"stop-dumping\" srcset=\"https:\/\/alternativamendrisio.ch\/wp-content\/uploads\/2026\/02\/stop-dumping.jpg 1980w, https:\/\/alternativamendrisio.ch\/wp-content\/uploads\/2026\/02\/stop-dumping-300x95.jpg 300w, https:\/\/alternativamendrisio.ch\/wp-content\/uploads\/2026\/02\/stop-dumping-1024x324.jpg 1024w, https:\/\/alternativamendrisio.ch\/wp-content\/uploads\/2026\/02\/stop-dumping-768x243.jpg 768w, https:\/\/alternativamendrisio.ch\/wp-content\/uploads\/2026\/02\/stop-dumping-1536x486.jpg 1536w, https:\/\/alternativamendrisio.ch\/wp-content\/uploads\/2026\/02\/stop-dumping-1024x324-100x31.jpg 100w\" sizes=\"auto, (max-width: 1980px) 100vw, 1980px\" \/>                                                                    <\/a>\n                                                                <\/figure>\n                    \n\t<div class=\"post-content\">\n\n\t\t\t\t\t<time datetime=\"2026-02-16\" class=\"post-date entry-date updated\">Febbraio 16, 2026<\/time>\n\n\t\t\n\t\t\t\t\t<h2 class=\"post-title entry-title\"><a href=\"https:\/\/alternativamendrisio.ch\/index.php\/2026\/02\/16\/un-caso-di-dumping-estremamente-grave\/\">Un caso di dumping estremamente grave<\/a><\/h2>\t\t\n\t\t\n\t\t        <div class=\"entry-content\">\n\n        \n            <p>Comunicato stampaVenerd\u00ec scorso, 6 febbraio la RSI ha riferito la notizia di un grave caso di dumping salariale presso uno studio di architettura del Magnifico Borgo. Sarebbe venuta alla luce una situazione di abusi protrattisi per unperiodo di quattro anni a danno di dieci giovani professionisti assunti con contratto a tempo parziale, ma in realt\u00e0 [&hellip;]<\/p>\n\n                \n            \n        <\/div><!-- \/.entry-content -->\n        \n\t<\/div>\n\t<!-- \/.post-content -->\n\t\n<\/article>\n<!-- \/.post -->\n\n<article id=\"post-2396\" class=\"post tf_clearfix cat-7 cat-4 post-2396 type-post status-publish format-standard has-post-thumbnail hentry category-comunicati-stampa category-in-evidenza has-post-title has-post-date has-post-category has-post-tag has-post-comment has-post-author \">\n\t\n\t                <figure class=\"post-image tf_clearfix\">\n                                                            <a href=\"https:\/\/alternativamendrisio.ch\/index.php\/2025\/09\/06\/skatepark\/\">\n                                        <img loading=\"lazy\" decoding=\"async\" width=\"1980\" height=\"626\" src=\"https:\/\/alternativamendrisio.ch\/wp-content\/uploads\/2025\/09\/taylor-smith-MjLGQmsOn2o-unsplash.jpg\" class=\"wp-post-image wp-image-2405\" title=\"taylor-smith-MjLGQmsOn2o-unsplash\" alt=\"taylor-smith-MjLGQmsOn2o-unsplash\" srcset=\"https:\/\/alternativamendrisio.ch\/wp-content\/uploads\/2025\/09\/taylor-smith-MjLGQmsOn2o-unsplash.jpg 1980w, https:\/\/alternativamendrisio.ch\/wp-content\/uploads\/2025\/09\/taylor-smith-MjLGQmsOn2o-unsplash-300x95.jpg 300w, https:\/\/alternativamendrisio.ch\/wp-content\/uploads\/2025\/09\/taylor-smith-MjLGQmsOn2o-unsplash-1024x324.jpg 1024w, https:\/\/alternativamendrisio.ch\/wp-content\/uploads\/2025\/09\/taylor-smith-MjLGQmsOn2o-unsplash-768x243.jpg 768w, https:\/\/alternativamendrisio.ch\/wp-content\/uploads\/2025\/09\/taylor-smith-MjLGQmsOn2o-unsplash-1536x486.jpg 1536w, https:\/\/alternativamendrisio.ch\/wp-content\/uploads\/2025\/09\/taylor-smith-MjLGQmsOn2o-unsplash-1024x324-100x31.jpg 100w\" sizes=\"auto, (max-width: 1980px) 100vw, 1980px\" \/>                                                                    <\/a>\n                                                                <\/figure>\n                    \n\t<div class=\"post-content\">\n\n\t\t\t\t\t<time datetime=\"2025-09-06\" class=\"post-date entry-date updated\">Settembre 6, 2025<\/time>\n\n\t\t\n\t\t\t\t\t<h2 class=\"post-title entry-title\"><a href=\"https:\/\/alternativamendrisio.ch\/index.php\/2025\/09\/06\/skatepark\/\">Skatepark: dalle idee e dai progetti alla realt\u00e0<\/a><\/h2>\t\t\n\t\t\n\t\t        <div class=\"entry-content\">\n\n        \n            <p>Comunicato stampa Eccolo, finalmente, lo Skatepark, che sar\u00e0 ufficialmente inaugurato il 5 settembre. Superato lo scoglio del referendum \u2013 contro il quale c\u2019\u00e8 stata una grande mobilitazione anche da parte dei\/delle giovani \u2013 la Citt\u00e0 si \u00e8 messa subito al lavoro per dare forma e sostanza a un progetto voluto e nato dal basso. Come [&hellip;]<\/p>\n\n                \n            \n        <\/div><!-- \/.entry-content -->\n        \n\t<\/div>\n\t<!-- \/.post-content -->\n\t\n<\/article>\n<!-- \/.post -->\n\n<article id=\"post-2382\" class=\"post tf_clearfix cat-7 cat-4 post-2382 type-post status-publish format-standard has-post-thumbnail hentry category-comunicati-stampa category-in-evidenza has-post-title has-post-date has-post-category has-post-tag has-post-comment has-post-author \">\n\t\n\t                <figure class=\"post-image tf_clearfix\">\n                                                            <a href=\"https:\/\/alternativamendrisio.ch\/index.php\/2025\/09\/06\/ffs-cargo-deve-cambiare-rotta\/\">\n                                        <img loading=\"lazy\" decoding=\"async\" width=\"1980\" height=\"626\" src=\"https:\/\/alternativamendrisio.ch\/wp-content\/uploads\/2025\/09\/SBB_CFF_FFS_Cargo_Re_421_391-4_p2.jpg\" class=\"wp-post-image wp-image-2392\" title=\"SBB_CFF_FFS_Cargo_Re_421_391-4_p2\" alt=\"SBB_CFF_FFS_Cargo_Re_421_391-4_p2\" srcset=\"https:\/\/alternativamendrisio.ch\/wp-content\/uploads\/2025\/09\/SBB_CFF_FFS_Cargo_Re_421_391-4_p2.jpg 1980w, https:\/\/alternativamendrisio.ch\/wp-content\/uploads\/2025\/09\/SBB_CFF_FFS_Cargo_Re_421_391-4_p2-300x95.jpg 300w, https:\/\/alternativamendrisio.ch\/wp-content\/uploads\/2025\/09\/SBB_CFF_FFS_Cargo_Re_421_391-4_p2-1024x324.jpg 1024w, https:\/\/alternativamendrisio.ch\/wp-content\/uploads\/2025\/09\/SBB_CFF_FFS_Cargo_Re_421_391-4_p2-768x243.jpg 768w, https:\/\/alternativamendrisio.ch\/wp-content\/uploads\/2025\/09\/SBB_CFF_FFS_Cargo_Re_421_391-4_p2-1536x486.jpg 1536w, https:\/\/alternativamendrisio.ch\/wp-content\/uploads\/2025\/09\/SBB_CFF_FFS_Cargo_Re_421_391-4_p2-1024x324-100x31.jpg 100w\" sizes=\"auto, (max-width: 1980px) 100vw, 1980px\" \/>                                                                    <\/a>\n                                                                <\/figure>\n                    \n\t<div class=\"post-content\">\n\n\t\t\t\t\t<time datetime=\"2025-09-06\" class=\"post-date entry-date updated\">Settembre 6, 2025<\/time>\n\n\t\t\n\t\t\t\t\t<h2 class=\"post-title entry-title\"><a href=\"https:\/\/alternativamendrisio.ch\/index.php\/2025\/09\/06\/ffs-cargo-deve-cambiare-rotta\/\">FFS Cargo deve cambiare rotta: scendiamo in piazza il 29 agosto<\/a><\/h2>\t\t\n\t\t\n\t\t        <div class=\"entry-content\">\n\n        \n            <p>Comunicato stampa La strategia di FFS Cargo solleva moltissime preoccupazioni e non solo per il sacrificio di posti di lavoro qualificati che in Ticino saranno persi per sempre. La logica meramente aziendalista per fare quadrare i conti sulle spalle delle lavoratrici e dei lavoratori, incide pesantemente anche a livello di mobilit\u00e0. Perch\u00e9 il progressivo disimpegno [&hellip;]<\/p>\n\n                \n            \n        <\/div><!-- \/.entry-content -->\n        \n\t<\/div>\n\t<!-- \/.post-content -->\n\t\n<\/article>\n<!-- \/.post -->\n\n<article id=\"post-2312\" class=\"post tf_clearfix cat-7 cat-4 post-2312 type-post status-publish format-standard has-post-thumbnail hentry category-comunicati-stampa category-in-evidenza has-post-title has-post-date has-post-category has-post-tag has-post-comment has-post-author \">\n\t\n\t                <figure class=\"post-image tf_clearfix\">\n                                                            <a href=\"https:\/\/alternativamendrisio.ch\/index.php\/2025\/06\/19\/traffico-combinato-si-alzi-unita-la-voce-del-mendrisiotto\/\">\n                                        <img loading=\"lazy\" decoding=\"async\" width=\"1980\" height=\"626\" src=\"https:\/\/alternativamendrisio.ch\/wp-content\/uploads\/2025\/06\/SBB_CFF_FFS_Cargo_1980x627-1.jpg\" class=\"wp-post-image wp-image-2323\" title=\"SBB_CFF_FFS_Cargo_1980x627\" alt=\"SBB_CFF_FFS_Cargo_1980x627\" srcset=\"https:\/\/alternativamendrisio.ch\/wp-content\/uploads\/2025\/06\/SBB_CFF_FFS_Cargo_1980x627-1.jpg 1980w, https:\/\/alternativamendrisio.ch\/wp-content\/uploads\/2025\/06\/SBB_CFF_FFS_Cargo_1980x627-1-300x95.jpg 300w, https:\/\/alternativamendrisio.ch\/wp-content\/uploads\/2025\/06\/SBB_CFF_FFS_Cargo_1980x627-1-1024x324.jpg 1024w, https:\/\/alternativamendrisio.ch\/wp-content\/uploads\/2025\/06\/SBB_CFF_FFS_Cargo_1980x627-1-768x243.jpg 768w, https:\/\/alternativamendrisio.ch\/wp-content\/uploads\/2025\/06\/SBB_CFF_FFS_Cargo_1980x627-1-1536x486.jpg 1536w, https:\/\/alternativamendrisio.ch\/wp-content\/uploads\/2025\/06\/SBB_CFF_FFS_Cargo_1980x627-1-1024x324-100x31.jpg 100w\" sizes=\"auto, (max-width: 1980px) 100vw, 1980px\" \/>                                                                    <\/a>\n                                                                <\/figure>\n                    \n\t<div class=\"post-content\">\n\n\t\t\t\t\t<time datetime=\"2025-06-19\" class=\"post-date entry-date updated\">Giugno 19, 2025<\/time>\n\n\t\t\n\t\t\t\t\t<h2 class=\"post-title entry-title\"><a href=\"https:\/\/alternativamendrisio.ch\/index.php\/2025\/06\/19\/traffico-combinato-si-alzi-unita-la-voce-del-mendrisiotto\/\">Traffico combinato &#8211; si alzi unita la voce del Mendrisiotto<\/a><\/h2>\t\t\n\t\t\n\t\t        <div class=\"entry-content\">\n\n        \n            <p>Comunicato stampa FFS Cargo ha deciso di smantellare la rete del traffico combinato. Una decisone con pesanti conseguenze.La prima \u00e8 la soppressione di quaranta posti di lavoro qualificati in Ticino, infliggendo cos\u00ec un duro colpo all\u2019occupazione del nostro Cantone. La seconda \u00e8 un impatto oltremodo negativo sul traffico che gi\u00e0 attanaglia il Ticino e in [&hellip;]<\/p>\n\n                \n            \n        <\/div><!-- \/.entry-content -->\n        \n\t<\/div>\n\t<!-- \/.post-content -->\n\t\n<\/article>\n<!-- \/.post -->\n\n<article id=\"post-2170\" class=\"post tf_clearfix cat-7 cat-4 post-2170 type-post status-publish format-standard has-post-thumbnail hentry category-comunicati-stampa category-in-evidenza has-post-title has-post-date has-post-category has-post-tag has-post-comment has-post-author \">\n\t\n\t                <figure class=\"post-image tf_clearfix\">\n                                                            <a href=\"https:\/\/alternativamendrisio.ch\/index.php\/2025\/02\/24\/traffico-e-strade-giu-la-maschera\/\">\n                                        <img loading=\"lazy\" decoding=\"async\" width=\"1980\" height=\"627\" src=\"https:\/\/alternativamendrisio.ch\/wp-content\/uploads\/2025\/02\/svincoolo-mendrisio.jpg\" class=\"wp-post-image wp-image-2176\" title=\"svincoolo-mendrisio\" alt=\"svincoolo-mendrisio\" srcset=\"https:\/\/alternativamendrisio.ch\/wp-content\/uploads\/2025\/02\/svincoolo-mendrisio.jpg 1980w, https:\/\/alternativamendrisio.ch\/wp-content\/uploads\/2025\/02\/svincoolo-mendrisio-300x95.jpg 300w, https:\/\/alternativamendrisio.ch\/wp-content\/uploads\/2025\/02\/svincoolo-mendrisio-1024x324.jpg 1024w, https:\/\/alternativamendrisio.ch\/wp-content\/uploads\/2025\/02\/svincoolo-mendrisio-768x243.jpg 768w, https:\/\/alternativamendrisio.ch\/wp-content\/uploads\/2025\/02\/svincoolo-mendrisio-1536x486.jpg 1536w, https:\/\/alternativamendrisio.ch\/wp-content\/uploads\/2025\/02\/svincoolo-mendrisio-1024x324-100x31.jpg 100w\" sizes=\"auto, (max-width: 1980px) 100vw, 1980px\" \/>                                                                    <\/a>\n                                                                <\/figure>\n                    \n\t<div class=\"post-content\">\n\n\t\t\t\t\t<time datetime=\"2025-02-24\" class=\"post-date entry-date updated\">Febbraio 24, 2025<\/time>\n\n\t\t\n\t\t\t\t\t<h2 class=\"post-title entry-title\"><a href=\"https:\/\/alternativamendrisio.ch\/index.php\/2025\/02\/24\/traffico-e-strade-giu-la-maschera\/\">Traffico e strade: gi\u00f9 la maschera<\/a><\/h2>\t\t\n\t\t\n\t\t        <div class=\"entry-content\">\n\n        \n            <p>Comunicato stampa Il messaggio \u00e8 stato ed \u00e8 chiaro: la stragrande maggioranza della popolazione del Mendrisiotto non vuole soluzioni che stritolano la regione &#8211; e la citt\u00e0 di Mendrisio &#8211; nella morsa del traffico. Eppure, USTRA porta avanti sistematicamente i suoi progetti senza curarsi di elementi &#8211; che sembra considerare dettagli collaterali trascurabili &#8211; come [&hellip;]<\/p>\n\n                \n            \n        <\/div><!-- \/.entry-content -->\n        \n\t<\/div>\n\t<!-- \/.post-content -->\n\t\n<\/article>\n<!-- \/.post -->\n\n<article id=\"post-2136\" class=\"post tf_clearfix cat-7 cat-4 post-2136 type-post status-publish format-standard has-post-thumbnail hentry category-comunicati-stampa category-in-evidenza has-post-title has-post-date has-post-category has-post-tag has-post-comment has-post-author \">\n\t\n\t                <figure class=\"post-image tf_clearfix\">\n                                                            <a href=\"https:\/\/alternativamendrisio.ch\/index.php\/2025\/01\/27\/responsabilita-ambientale-aprire-gli-occhi\/\">\n                                        <img loading=\"lazy\" decoding=\"async\" width=\"1920\" height=\"608\" src=\"https:\/\/alternativamendrisio.ch\/wp-content\/uploads\/2025\/01\/respnsabilita-ambientale.jpg\" class=\"wp-post-image wp-image-2142\" title=\"respnsabilita-ambientale\" alt=\"respnsabilita-ambientale\" srcset=\"https:\/\/alternativamendrisio.ch\/wp-content\/uploads\/2025\/01\/respnsabilita-ambientale.jpg 1920w, https:\/\/alternativamendrisio.ch\/wp-content\/uploads\/2025\/01\/respnsabilita-ambientale-300x95.jpg 300w, https:\/\/alternativamendrisio.ch\/wp-content\/uploads\/2025\/01\/respnsabilita-ambientale-1024x324.jpg 1024w, https:\/\/alternativamendrisio.ch\/wp-content\/uploads\/2025\/01\/respnsabilita-ambientale-768x243.jpg 768w, https:\/\/alternativamendrisio.ch\/wp-content\/uploads\/2025\/01\/respnsabilita-ambientale-1536x486.jpg 1536w, https:\/\/alternativamendrisio.ch\/wp-content\/uploads\/2025\/01\/respnsabilita-ambientale-1024x324-100x31.jpg 100w\" sizes=\"auto, (max-width: 1920px) 100vw, 1920px\" \/>                                                                    <\/a>\n                                                                <\/figure>\n                    \n\t<div class=\"post-content\">\n\n\t\t\t\t\t<time datetime=\"2025-01-27\" class=\"post-date entry-date updated\">Gennaio 27, 2025<\/time>\n\n\t\t\n\t\t\t\t\t<h2 class=\"post-title entry-title\"><a href=\"https:\/\/alternativamendrisio.ch\/index.php\/2025\/01\/27\/responsabilita-ambientale-aprire-gli-occhi\/\">Responsabilit\u00e0 ambientale: aprire gli occhi<\/a><\/h2>\t\t\n\t\t\n\t\t        <div class=\"entry-content\">\n\n        \n            <p>Comunicato stampa \u00abVuoi che ti dica cosa penso, Parla, Secondo me non siamo diventati ciechi, secondo me lo siamo, Ciechi che vedono, Ciechi che, pur vedendo, non vedono\u00bb. Questo \u00e8 uno dei passaggi pi\u00f9 noti del celebre romanzo di Jos\u00e9 Saramago \u00abCecit\u00e0\u00bb. Un romanzo potente che, tra le altre cose, denuncia l\u2019indifferenza della societ\u00e0. L\u2019opera, [&hellip;]<\/p>\n\n                \n            \n        <\/div><!-- \/.entry-content -->\n        \n\t<\/div>\n\t<!-- \/.post-content -->\n\t\n<\/article>\n<!-- \/.post -->\n\n<article id=\"post-2128\" class=\"post tf_clearfix cat-7 cat-4 post-2128 type-post status-publish format-standard has-post-thumbnail hentry category-comunicati-stampa category-in-evidenza has-post-title has-post-date has-post-category has-post-tag has-post-comment has-post-author \">\n\t\n\t                <figure class=\"post-image tf_clearfix\">\n                                                            <a href=\"https:\/\/alternativamendrisio.ch\/index.php\/2025\/01\/24\/nuovo-liceo-di-mendrisio-un-traguardo-ricco-di-significati\/\">\n                                        <img loading=\"lazy\" decoding=\"async\" width=\"1920\" height=\"608\" src=\"https:\/\/alternativamendrisio.ch\/wp-content\/uploads\/2025\/01\/nuovo-liceo-Mendrisio.jpg\" class=\"wp-post-image wp-image-2130\" title=\"nuovo-liceo-Mendrisio\" alt=\"nuovo-liceo-Mendrisio\" srcset=\"https:\/\/alternativamendrisio.ch\/wp-content\/uploads\/2025\/01\/nuovo-liceo-Mendrisio.jpg 1920w, https:\/\/alternativamendrisio.ch\/wp-content\/uploads\/2025\/01\/nuovo-liceo-Mendrisio-300x95.jpg 300w, https:\/\/alternativamendrisio.ch\/wp-content\/uploads\/2025\/01\/nuovo-liceo-Mendrisio-1024x324.jpg 1024w, https:\/\/alternativamendrisio.ch\/wp-content\/uploads\/2025\/01\/nuovo-liceo-Mendrisio-768x243.jpg 768w, https:\/\/alternativamendrisio.ch\/wp-content\/uploads\/2025\/01\/nuovo-liceo-Mendrisio-1536x486.jpg 1536w, https:\/\/alternativamendrisio.ch\/wp-content\/uploads\/2025\/01\/nuovo-liceo-Mendrisio-1024x324-100x31.jpg 100w\" sizes=\"auto, (max-width: 1920px) 100vw, 1920px\" \/>                                                                    <\/a>\n                                                                <\/figure>\n                    \n\t<div class=\"post-content\">\n\n\t\t\t\t\t<time datetime=\"2025-01-24\" class=\"post-date entry-date updated\">Gennaio 24, 2025<\/time>\n\n\t\t\n\t\t\t\t\t<h2 class=\"post-title entry-title\"><a href=\"https:\/\/alternativamendrisio.ch\/index.php\/2025\/01\/24\/nuovo-liceo-di-mendrisio-un-traguardo-ricco-di-significati\/\">Nuovo liceo di Mendrisio: un traguardo ricco di significati<\/a><\/h2>\t\t\n\t\t\n\t\t        <div class=\"entry-content\">\n\n        \n            <p>Comunicato stampa Era atteso da tempo e ora finalmente il Gran Consiglio ticinese ha approvato lo stanziamento di oltre 44 milioni di franchi per realizzare il futuro edificio scolastico cantonale. Questo importante investimento finanziario rappresenta anche il primo tassello per la riorganizzazione del comparto. Non solo atteso, ma necessario per dare al Mendrisiotto una sede [&hellip;]<\/p>\n\n                \n            \n        <\/div><!-- \/.entry-content -->\n        \n\t<\/div>\n\t<!-- \/.post-content -->\n\t\n<\/article>\n<!-- \/.post -->\n\n<article id=\"post-2111\" class=\"post tf_clearfix cat-7 cat-4 post-2111 type-post status-publish format-standard has-post-thumbnail hentry category-comunicati-stampa category-in-evidenza has-post-title has-post-date has-post-category has-post-tag has-post-comment has-post-author \">\n\t\n\t                <figure class=\"post-image tf_clearfix\">\n                                                            <a href=\"https:\/\/alternativamendrisio.ch\/index.php\/2025\/01\/19\/sintetica-licenziamenti-che-preoccupano\/\">\n                                        <img loading=\"lazy\" decoding=\"async\" width=\"1313\" height=\"416\" src=\"https:\/\/alternativamendrisio.ch\/wp-content\/uploads\/2025\/01\/sintetica.jpg\" class=\"wp-post-image wp-image-2120\" title=\"sintetica\" alt=\"sintetica\" srcset=\"https:\/\/alternativamendrisio.ch\/wp-content\/uploads\/2025\/01\/sintetica.jpg 1313w, https:\/\/alternativamendrisio.ch\/wp-content\/uploads\/2025\/01\/sintetica-300x95.jpg 300w, https:\/\/alternativamendrisio.ch\/wp-content\/uploads\/2025\/01\/sintetica-1024x324.jpg 1024w, https:\/\/alternativamendrisio.ch\/wp-content\/uploads\/2025\/01\/sintetica-768x243.jpg 768w, https:\/\/alternativamendrisio.ch\/wp-content\/uploads\/2025\/01\/sintetica-1024x324-100x31.jpg 100w\" sizes=\"auto, (max-width: 1313px) 100vw, 1313px\" \/>                                                                    <\/a>\n                                                                <\/figure>\n                    \n\t<div class=\"post-content\">\n\n\t\t\t\t\t<time datetime=\"2025-01-19\" class=\"post-date entry-date updated\">Gennaio 19, 2025<\/time>\n\n\t\t\n\t\t\t\t\t<h2 class=\"post-title entry-title\"><a href=\"https:\/\/alternativamendrisio.ch\/index.php\/2025\/01\/19\/sintetica-licenziamenti-che-preoccupano\/\">Sintetica: licenziamenti che preoccupano<\/a><\/h2>\t\t\n\t\t\n\t\t        <div class=\"entry-content\">\n\n        \n            <p>Comunicato stampa Purtroppo le preoccupazioni dell\u2019AlternativA, formulate in un\u2019interrogazione del 3 dicembre 2024, si sono puntualmente avverate. I quindici licenziamenti nella sede di Mendrisio dell\u2019azienda Sintetica non possono lasciare indifferenti e alimentano le inquietudini sulle dinamiche del mercato del lavoro. Nella medesima interrogazione l\u2019AlternativA aveva anche chiesto all\u2019Esecutivo quale fosse la strategia per conservare e\/o [&hellip;]<\/p>\n\n                \n            \n        <\/div><!-- \/.entry-content -->\n        \n\t<\/div>\n\t<!-- \/.post-content -->\n\t\n<\/article>\n<!-- \/.post -->\n\n<article id=\"post-1801\" class=\"post tf_clearfix cat-7 cat-3 post-1801 type-post status-publish format-standard has-post-thumbnail hentry category-comunicati-stampa category-notizie has-post-title has-post-date has-post-category has-post-tag has-post-comment has-post-author \">\n\t\n\t                <figure class=\"post-image tf_clearfix\">\n                                                            <a href=\"https:\/\/alternativamendrisio.ch\/index.php\/2021\/09\/21\/salario-minimo-le-meraviglie-della-realpolitik\/\">\n                                        <img loading=\"lazy\" decoding=\"async\" width=\"1196\" height=\"378\" src=\"https:\/\/alternativamendrisio.ch\/wp-content\/uploads\/2021\/09\/salario-minimo.jpg\" class=\"wp-post-image wp-image-1809\" title=\"salario-minimo\" alt=\"salario-minimo\" srcset=\"https:\/\/alternativamendrisio.ch\/wp-content\/uploads\/2021\/09\/salario-minimo.jpg 1196w, https:\/\/alternativamendrisio.ch\/wp-content\/uploads\/2021\/09\/salario-minimo-300x95.jpg 300w, https:\/\/alternativamendrisio.ch\/wp-content\/uploads\/2021\/09\/salario-minimo-1024x324.jpg 1024w, https:\/\/alternativamendrisio.ch\/wp-content\/uploads\/2021\/09\/salario-minimo-768x243.jpg 768w, https:\/\/alternativamendrisio.ch\/wp-content\/uploads\/2021\/09\/salario-minimo-1024x324-100x31.jpg 100w\" sizes=\"auto, (max-width: 1196px) 100vw, 1196px\" \/>                                                                    <\/a>\n                                                                <\/figure>\n                    \n\t<div class=\"post-content\">\n\n\t\t\t\t\t<time datetime=\"2021-09-21\" class=\"post-date entry-date updated\">Settembre 21, 2021<\/time>\n\n\t\t\n\t\t\t\t\t<h2 class=\"post-title entry-title\"><a href=\"https:\/\/alternativamendrisio.ch\/index.php\/2021\/09\/21\/salario-minimo-le-meraviglie-della-realpolitik\/\">Salario minimo: le meraviglie della realpolitik<\/a><\/h2>\t\t\n\t\t\n\t\t        <div class=\"entry-content\">\n\n        \n            <p>Comunicato stampa Rispondiamo con preoccupazione alla denuncia di alcuni sindacati riguardo la situazione di tre imprese del Mendrisiotto e del loro maldestro e pericoloso tentativo di aggirare e la volont\u00e0 popolare espressa nella votazione sul salario minimo e i diritti di lavoratrici e lavoratori ticinesi, gi\u00e0 troppo e da troppo tempo sotto attacco. Se il [&hellip;]<\/p>\n\n                \n            \n        <\/div><!-- \/.entry-content -->\n        \n\t<\/div>\n\t<!-- \/.post-content -->\n\t\n<\/article>\n<!-- \/.post -->\n\n<article id=\"post-1113\" class=\"post tf_clearfix cat-7 cat-4 cat-3 post-1113 type-post status-publish format-standard has-post-thumbnail hentry category-comunicati-stampa category-in-evidenza category-notizie has-post-title has-post-date has-post-category has-post-tag has-post-comment has-post-author \">\n\t\n\t                <figure class=\"post-image tf_clearfix\">\n                                                            <a href=\"https:\/\/alternativamendrisio.ch\/index.php\/2020\/06\/30\/discorso-presidenza-andrea-ghisletta-2\/\">\n                                        <img loading=\"lazy\" decoding=\"async\" width=\"3456\" height=\"1093\" src=\"https:\/\/alternativamendrisio.ch\/wp-content\/uploads\/2020\/06\/Blick_auf_Mendrisio.jpg\" class=\"wp-post-image wp-image-1119\" title=\"Blick_auf_Mendrisio\" alt=\"Blick_auf_Mendrisio\" srcset=\"https:\/\/alternativamendrisio.ch\/wp-content\/uploads\/2020\/06\/Blick_auf_Mendrisio.jpg 3456w, https:\/\/alternativamendrisio.ch\/wp-content\/uploads\/2020\/06\/Blick_auf_Mendrisio-300x95.jpg 300w, https:\/\/alternativamendrisio.ch\/wp-content\/uploads\/2020\/06\/Blick_auf_Mendrisio-768x243.jpg 768w, https:\/\/alternativamendrisio.ch\/wp-content\/uploads\/2020\/06\/Blick_auf_Mendrisio-1024x324.jpg 1024w, https:\/\/alternativamendrisio.ch\/wp-content\/uploads\/2020\/06\/Blick_auf_Mendrisio-1024x324-100x31.jpg 100w\" sizes=\"auto, (max-width: 3456px) 100vw, 3456px\" \/>                                                                    <\/a>\n                                                                <\/figure>\n                    \n\t<div class=\"post-content\">\n\n\t\t\t\t\t<time datetime=\"2020-06-30\" class=\"post-date entry-date updated\">Giugno 30, 2020<\/time>\n\n\t\t\n\t\t\t\t\t<h2 class=\"post-title entry-title\"><a href=\"https:\/\/alternativamendrisio.ch\/index.php\/2020\/06\/30\/discorso-presidenza-andrea-ghisletta-2\/\">Sfitto alle stelle e nuove domande di costruzione<\/a><\/h2>\t\t\n\t\t\n\t\t        <div class=\"entry-content\">\n\n        \n            <p>Comunicato stampa Era in pubblicazione fino a luned\u00ec 22 giugno il progetto per l\u2019ennesima edificazione di un complesso residenziale a Mendrisio. All\u2019inizio di Vignalunga, subito dopo il Centro di pronto intervento, si vorrebbero realizzare &#8211; su un terreno triangolare il cui lato pi\u00f9 lungo d\u00e0 proprio sulla strada cantonale &#8211; \u00a082 appartamenti, bar, commerci (take-away), [&hellip;]<\/p>\n\n                \n            \n        <\/div><!-- \/.entry-content -->\n        \n\t<\/div>\n\t<!-- \/.post-content -->\n\t\n<\/article>\n<!-- \/.post -->\n\n<article id=\"post-1083\" class=\"post tf_clearfix cat-7 cat-4 cat-3 post-1083 type-post status-publish format-standard has-post-thumbnail hentry category-comunicati-stampa category-in-evidenza category-notizie has-post-title has-post-date has-post-category has-post-tag has-post-comment has-post-author \">\n\t\n\t                <figure class=\"post-image tf_clearfix\">\n                                                            <a href=\"https:\/\/alternativamendrisio.ch\/index.php\/2020\/05\/29\/giu-le-mani-dai-reparti-di-ostetricia-neonatologia-e-pronto-soccorso-pediatrico-allobv\/\">\n                                        <img loading=\"lazy\" decoding=\"async\" width=\"6240\" height=\"1975\" src=\"https:\/\/alternativamendrisio.ch\/wp-content\/uploads\/2020\/05\/jonathan-borba-w-RTffXK9tM-unsplash.jpg\" class=\"wp-post-image wp-image-1090\" title=\"jonathan-borba-w-RTffXK9tM-unsplash\" alt=\"jonathan-borba-w-RTffXK9tM-unsplash\" srcset=\"https:\/\/alternativamendrisio.ch\/wp-content\/uploads\/2020\/05\/jonathan-borba-w-RTffXK9tM-unsplash.jpg 6240w, https:\/\/alternativamendrisio.ch\/wp-content\/uploads\/2020\/05\/jonathan-borba-w-RTffXK9tM-unsplash-300x95.jpg 300w, https:\/\/alternativamendrisio.ch\/wp-content\/uploads\/2020\/05\/jonathan-borba-w-RTffXK9tM-unsplash-768x243.jpg 768w, https:\/\/alternativamendrisio.ch\/wp-content\/uploads\/2020\/05\/jonathan-borba-w-RTffXK9tM-unsplash-1024x324.jpg 1024w, https:\/\/alternativamendrisio.ch\/wp-content\/uploads\/2020\/05\/jonathan-borba-w-RTffXK9tM-unsplash-1024x324-100x31.jpg 100w\" sizes=\"auto, (max-width: 6240px) 100vw, 6240px\" \/>                                                                    <\/a>\n                                                                <\/figure>\n                    \n\t<div class=\"post-content\">\n\n\t\t\t\t\t<time datetime=\"2020-05-29\" class=\"post-date entry-date updated\">Maggio 29, 2020<\/time>\n\n\t\t\n\t\t\t\t\t<h2 class=\"post-title entry-title\"><a href=\"https:\/\/alternativamendrisio.ch\/index.php\/2020\/05\/29\/giu-le-mani-dai-reparti-di-ostetricia-neonatologia-e-pronto-soccorso-pediatrico-allobv\/\">Gi\u00f9 le mani dai reparti di ostetricia, neonatologia  e pronto soccorso pediatrico all\u2019OBV<\/a><\/h2>\t\t\n\t\t\n\t\t        <div class=\"entry-content\">\n\n        \n            <p>L\u2019AlternativA \u2013 Verdi e Sinistra insieme ha letto con preoccupazione le anticipazioni della Regione sull\u2019edizione del 22 maggio: l\u2019ipotesi di smantellare all\u2019OBV (Ospedale Beata Vergine) i reparti di ostetricia, neonatologia e pronto soccorso pediatrico \u00e8 da scongiurare con la massima risolutezza.\u00a0 Se da un lato l\u2019AlternativA ha ben compreso che l\u2019emergenza legata al Covid-19 ha [&hellip;]<\/p>\n\n                \n            \n        <\/div><!-- \/.entry-content -->\n        \n\t<\/div>\n\t<!-- \/.post-content -->\n\t\n<\/article>\n<!-- \/.post -->\n\n<article id=\"post-1071\" class=\"post tf_clearfix cat-7 cat-3 post-1071 type-post status-publish format-standard has-post-thumbnail hentry category-comunicati-stampa category-notizie has-post-title has-post-date has-post-category has-post-tag has-post-comment has-post-author \">\n\t\n\t                <figure class=\"post-image tf_clearfix\">\n                                                            <a href=\"https:\/\/alternativamendrisio.ch\/index.php\/2020\/03\/12\/lalternativa-per-gli-anziani-di-mendrisio\/\">\n                                        <img loading=\"lazy\" decoding=\"async\" width=\"1400\" height=\"443\" src=\"https:\/\/alternativamendrisio.ch\/wp-content\/uploads\/2020\/03\/covid-19.jpg\" class=\"wp-post-image wp-image-1077\" title=\"covid-19\" alt=\"covid-19\" srcset=\"https:\/\/alternativamendrisio.ch\/wp-content\/uploads\/2020\/03\/covid-19.jpg 1400w, https:\/\/alternativamendrisio.ch\/wp-content\/uploads\/2020\/03\/covid-19-300x95.jpg 300w, https:\/\/alternativamendrisio.ch\/wp-content\/uploads\/2020\/03\/covid-19-768x243.jpg 768w, https:\/\/alternativamendrisio.ch\/wp-content\/uploads\/2020\/03\/covid-19-1024x324.jpg 1024w, https:\/\/alternativamendrisio.ch\/wp-content\/uploads\/2020\/03\/covid-19-1024x324-100x31.jpg 100w\" sizes=\"auto, (max-width: 1400px) 100vw, 1400px\" \/>                                                                    <\/a>\n                                                                <\/figure>\n                    \n\t<div class=\"post-content\">\n\n\t\t\t\t\t<time datetime=\"2020-03-12\" class=\"post-date entry-date updated\">Marzo 12, 2020<\/time>\n\n\t\t\n\t\t\t\t\t<h2 class=\"post-title entry-title\"><a href=\"https:\/\/alternativamendrisio.ch\/index.php\/2020\/03\/12\/lalternativa-per-gli-anziani-di-mendrisio\/\">L\u2019AlternativA per gli anziani di Mendrisio<\/a><\/h2>\t\t\n\t\t\n\t\t        <div class=\"entry-content\">\n\n        \n            <p>Comunicato stampa L\u2019annullamento, come misura cautelativa per arginare la diffusione del Covid-19, di tutti gli incontri elettorali inizialmente previsti, libera tempi che i candidati e le candidate dell\u2019AlternativA \u2013 Verdi e SinistrA insieme hanno deciso di mettere al servizio della comunit\u00e0 offrendo un servizio di prima necessit\u00e0 a tutte quelle persone di Mendrisio che rientrano [&hellip;]<\/p>\n\n                \n            \n        <\/div><!-- \/.entry-content -->\n        \n\t<\/div>\n\t<!-- \/.post-content -->\n\t\n<\/article>\n<!-- \/.post -->\n\n<article id=\"post-1026\" class=\"post tf_clearfix cat-7 cat-3 post-1026 type-post status-publish format-standard has-post-thumbnail hentry category-comunicati-stampa category-notizie has-post-title has-post-date has-post-category has-post-tag has-post-comment has-post-author \">\n\t\n\t                <figure class=\"post-image tf_clearfix\">\n                                                            <a href=\"https:\/\/alternativamendrisio.ch\/index.php\/2020\/03\/10\/8-marzo-le-vie-al-femminile-a-mendrisio\/\">\n                                        <img loading=\"lazy\" decoding=\"async\" width=\"1400\" height=\"443\" src=\"https:\/\/alternativamendrisio.ch\/wp-content\/uploads\/2020\/03\/Vie-al-femminile-1.jpg\" class=\"wp-post-image wp-image-1028\" title=\"Vie-al-femminile-1\" alt=\"Vie-al-femminile-1\" srcset=\"https:\/\/alternativamendrisio.ch\/wp-content\/uploads\/2020\/03\/Vie-al-femminile-1.jpg 1400w, https:\/\/alternativamendrisio.ch\/wp-content\/uploads\/2020\/03\/Vie-al-femminile-1-300x95.jpg 300w, https:\/\/alternativamendrisio.ch\/wp-content\/uploads\/2020\/03\/Vie-al-femminile-1-768x243.jpg 768w, https:\/\/alternativamendrisio.ch\/wp-content\/uploads\/2020\/03\/Vie-al-femminile-1-1024x324.jpg 1024w, https:\/\/alternativamendrisio.ch\/wp-content\/uploads\/2020\/03\/Vie-al-femminile-1-1024x324-100x31.jpg 100w\" sizes=\"auto, (max-width: 1400px) 100vw, 1400px\" \/>                                                                    <\/a>\n                                                                <\/figure>\n                    \n\t<div class=\"post-content\">\n\n\t\t\t\t\t<time datetime=\"2020-03-10\" class=\"post-date entry-date updated\">Marzo 10, 2020<\/time>\n\n\t\t\n\t\t\t\t\t<h2 class=\"post-title entry-title\"><a href=\"https:\/\/alternativamendrisio.ch\/index.php\/2020\/03\/10\/8-marzo-le-vie-al-femminile-a-mendrisio\/\">8 marzo le vie al femminile a Mendrisio<\/a><\/h2>\t\t\n\t\t\n\t\t        <div class=\"entry-content\">\n\n        \n            <p>8 marzo 2020. Mendrisio si tinge di viola, in tutte le sue sfumature. Temporaneamente e nel pieno rispetto delle regole imposte dalle autorit\u00e0 cantonali e federali legate al coronavirus. A Mendrisio cinque vie hanno infatti cambiato volto e assunto quelle di donne meritevoli. Un\u2019azione simbolica ma dal forte impatto organizzata dall\u2019AlternativA \u2013Verdi e Sinistra insieme, [&hellip;]<\/p>\n\n                \n            \n        <\/div><!-- \/.entry-content -->\n        \n\t<\/div>\n\t<!-- \/.post-content -->\n\t\n<\/article>\n<!-- \/.post -->\n    <\/div><!-- .builder-posts-wrap -->\n            <\/div>\n<!-- \/module post -->\n    <!-- module divider -->\n<div  class=\"module tf_mw module-divider tb_v6eq271 solid   \" style=\"border-width: 3px;border-color: #b31d8b;\" data-lazy=\"1\">\n    <\/div>\n<!-- \/module divider -->\n        <\/div>\n                        <\/div>\n        <\/div>\n                        <div  data-anchor=\"Newsletter\" data-css_id=\"m4c1435\" data-lazy=\"1\" class=\"module_row themify_builder_row fullwidth tb_has_section tb_section-Newsletter tb_m4c1435 tf_w\">\n                        <div class=\"row_inner col_align_top tb_col_count_2 tf_box tf_rel\">\n                        <div  data-lazy=\"1\" class=\"module_column tb-column col4-2 tb_5vfq436 first\">\n                    <!-- module text -->\n<div  class=\"module module-text tb_39vz884   \" data-lazy=\"1\">\n    <h3 class=\"module-title\">NEWSLETTER<\/h3>    <div  class=\"tb_text_wrap\">\n        <ul>\n<li><strong><a href=\"https:\/\/mailchi.mp\/425f2a8f25d7\/campagna-elettorale-18232245\" target=\"_blank\" rel=\"noopener\">Febbraio 2025<\/a><\/strong><\/li>\n<li><strong><a href=\"https:\/\/mailchi.mp\/48108d730998\/campagna-elettorale-18231355?e=[UNIQID]\" target=\"_blank\" rel=\"noopener\">Gennaio 2025<\/a><\/strong><\/li>\n<\/ul>    <\/div>\n<\/div>\n<!-- \/module text -->        <\/div>\n                    <div  data-lazy=\"1\" class=\"module_column tb-column col4-2 tb_nzic327 last\">\n                    <!-- module widget -->\n<div  class=\"module module-widget tb_rkl5581  \" data-lazy=\"1\">\n    <h3 class=\"module-title\">Iscriviti alla nostra newsletter<\/h3><div class=\"widget_text widget widget_custom_html\"><div class=\"textwidget custom-html-widget\"><div id=\"mc_embed_shell\">\n      <link href=\"\/\/cdn-images.mailchimp.com\/embedcode\/classic-061523.css\" rel=\"stylesheet\" type=\"text\/css\">\n  <style type=\"text\/css\">\n        #mc_embed_signup{background:#fff; false;clear:left; font:14px Helvetica,Arial,sans-serif; width: 600px;}\n        \/* Add your own Mailchimp form style overrides in your site stylesheet or in this style block.\n           We recommend moving this block and the preceding CSS link to the HEAD of your HTML file. *\/\n<\/style>\n<div id=\"mc_embed_signup\">\n    <form action=\"https:\/\/alternativamendrisio.us7.list-manage.com\/subscribe\/post?u=e3fdbad4c699c325c300df15c&amp;id=006c23ce2f&amp;f_id=008fb0e4f0\" method=\"post\" id=\"mc-embedded-subscribe-form\" name=\"mc-embedded-subscribe-form\" class=\"validate\" target=\"_blank\">\n        <div id=\"mc_embed_signup_scroll\"><h2>Iscrivi<\/h2>\n            <div class=\"indicates-required\"><span class=\"asterisk\">*<\/span> indica requisiti obbligatori<\/div>\n            <div class=\"mc-field-group\"><label for=\"mce-EMAIL\">Indirizzo email <span class=\"asterisk\">*<\/span><\/label><input type=\"email\" name=\"EMAIL\" class=\"required email\" id=\"mce-EMAIL\" required=\"\" value=\"\"><\/div><div class=\"mc-field-group\"><label for=\"mce-FNAME\">Nome <\/label><input type=\"text\" name=\"FNAME\" class=\" text\" id=\"mce-FNAME\" value=\"\"><\/div><div class=\"mc-field-group\"><label for=\"mce-LNAME\">Cognome <\/label><input type=\"text\" name=\"LNAME\" class=\" text\" id=\"mce-LNAME\" value=\"\"><\/div>\n        <div id=\"mce-responses\" class=\"clear foot\">\n            <div class=\"response\" id=\"mce-error-response\" style=\"display: none;\"><\/div>\n            <div class=\"response\" id=\"mce-success-response\" style=\"display: none;\"><\/div>\n        <\/div>\n    <div aria-hidden=\"true\" style=\"position: absolute; left: -5000px;\">\n        \/* real people should not fill this in and expect good things - do not remove this or risk form bot signups *\/\n        <input type=\"text\" name=\"b_e3fdbad4c699c325c300df15c_006c23ce2f\" tabindex=\"-1\" value=\"\">\n    <\/div>\n        <div class=\"optionalParent\">\n            <div class=\"clear foot\">\n                <input type=\"submit\" name=\"subscribe\" id=\"mc-embedded-subscribe\" class=\"button\" value=\"Invia\">\n                <p style=\"margin: 0px auto;\"><a href=\"http:\/\/eepurl.com\/i_Nr6k\" title=\"Mailchimp: l\u2019email marketing \u00e8 facile e divertente\"><span style=\"display: inline-block; background-color: transparent; border-radius: 4px;\"><img decoding=\"async\" class=\"refferal_badge\" src=\"https:\/\/digitalasset.intuit.com\/render\/content\/dam\/intuit\/mc-fe\/en_us\/images\/intuit-mc-rewards-text-dark.svg\" alt=\"Intuit Mailchimp\" style=\"width: 220px; height: 40px; display: flex; padding: 2px 0px; justify-content: center; align-items: center;\"><\/span><\/a><\/p>\n            <\/div>\n        <\/div>\n    <\/div>\n<\/form>\n<\/div>\n<script type=\"text\/javascript\" src=\"\/\/s3.amazonaws.com\/downloads.mailchimp.com\/js\/mc-validate.js\"><\/script><script type=\"text\/javascript\">(function($) {window.fnames = new Array(); window.ftypes = new Array();fnames0='EMAIL';ftypes0='email';fnames1='FNAME';ftypes1='text';fnames2='LNAME';ftypes2='text';fnames3='ADDRESS';ftypes3='address';fnames4='PHONE';ftypes4='phone';}(jQuery));var $mcj = jQuery.noConflict(true);<\/script><\/div><\/div><\/div><\/div>\n<!-- \/module widget -->\n        <\/div>\n                        <\/div>\n        <\/div>\n        <\/div>\n<!--\/themify_builder_content-->","protected":false},"excerpt":{"rendered":"<p>NEWSLETTER Febbraio 2025 Gennaio 2025 Iscriviti alla nostra newsletter Iscrivi * indica requisiti obbligatori Indirizzo email *Nome Cognome \/* real people should not fill this in and expect good things &#8211; do not remove this or risk form bot signups *\/<\/p>\n","protected":false},"author":1,"featured_media":0,"parent":0,"menu_order":0,"comment_status":"closed","ping_status":"closed","template":"","meta":{"footnotes":""},"class_list":["post-2186","page","type-page","status-publish","hentry","has-post-title","has-post-date","has-post-category","has-post-tag","has-post-comment","has-post-author",""],"_links":{"self":[{"href":"https:\/\/alternativamendrisio.ch\/index.php\/wp-json\/wp\/v2\/pages\/2186","targetHints":{"allow":["GET"]}}],"collection":[{"href":"https:\/\/alternativamendrisio.ch\/index.php\/wp-json\/wp\/v2\/pages"}],"about":[{"href":"https:\/\/alternativamendrisio.ch\/index.php\/wp-json\/wp\/v2\/types\/page"}],"author":[{"embeddable":true,"href":"https:\/\/alternativamendrisio.ch\/index.php\/wp-json\/wp\/v2\/users\/1"}],"replies":[{"embeddable":true,"href":"https:\/\/alternativamendrisio.ch\/index.php\/wp-json\/wp\/v2\/comments?post=2186"}],"version-history":[{"count":16,"href":"https:\/\/alternativamendrisio.ch\/index.php\/wp-json\/wp\/v2\/pages\/2186\/revisions"}],"predecessor-version":[{"id":2208,"href":"https:\/\/alternativamendrisio.ch\/index.php\/wp-json\/wp\/v2\/pages\/2186\/revisions\/2208"}],"wp:attachment":[{"href":"https:\/\/alternativamendrisio.ch\/index.php\/wp-json\/wp\/v2\/media?parent=2186"}],"curies":[{"name":"wp","href":"https:\/\/api.w.org\/{rel}","templated":true}]}}